{"id":3534,"date":"2024-07-18T12:16:45","date_gmt":"2024-07-18T12:16:45","guid":{"rendered":"https:\/\/eucotton.eu\/notizie-eventi\/"},"modified":"2025-01-24T10:07:20","modified_gmt":"2025-01-24T10:07:20","slug":"notizie-eventi","status":"publish","type":"page","link":"https:\/\/eucotton.eu\/it\/notizie-eventi\/","title":{"rendered":"Notizie &#8211; Eventi"},"content":{"rendered":"<p>[et_pb_section fb_built=&#8221;1&#8243; fullwidth=&#8221;on&#8221; _builder_version=&#8221;4.25.1&#8243; _module_preset=&#8221;default&#8221; da_disable_devices=&#8221;off|off|off&#8221; global_colors_info=&#8221;{}&#8221; da_is_popup=&#8221;off&#8221; da_exit_intent=&#8221;off&#8221; da_has_close=&#8221;on&#8221; da_alt_close=&#8221;off&#8221; da_dark_close=&#8221;off&#8221; da_not_modal=&#8221;on&#8221; da_is_singular=&#8221;off&#8221; da_with_loader=&#8221;off&#8221; da_has_shadow=&#8221;on&#8221;][et_pb_fullwidth_image src=&#8221;https:\/\/eucotton.eu\/wp-content\/uploads\/2024\/10\/header_events_cotton_it.jpg&#8221; title_text=&#8221;header_events_cotton_it&#8221; _builder_version=&#8221;4.27.2&#8243; _module_preset=&#8221;default&#8221; global_colors_info=&#8221;{}&#8221;][\/et_pb_fullwidth_image][\/et_pb_section][et_pb_section fb_built=&#8221;1&#8243; _builder_version=&#8221;4.18.0&#8243; _module_preset=&#8221;default&#8221; da_disable_devices=&#8221;off|off|off&#8221; global_colors_info=&#8221;{}&#8221; da_is_popup=&#8221;off&#8221; da_exit_intent=&#8221;off&#8221; da_has_close=&#8221;on&#8221; da_alt_close=&#8221;off&#8221; da_dark_close=&#8221;off&#8221; da_not_modal=&#8221;on&#8221; da_is_singular=&#8221;off&#8221; da_with_loader=&#8221;off&#8221; da_has_shadow=&#8221;on&#8221;][et_pb_row column_structure=&#8221;1_2,1_2&#8243; _builder_version=&#8221;4.27.2&#8243; _module_preset=&#8221;default&#8221; custom_margin=&#8221;-24px||23px||false|false&#8221; global_colors_info=&#8221;{}&#8221; theme_builder_area=&#8221;post_content&#8221;][et_pb_column type=&#8221;1_2&#8243; _builder_version=&#8221;4.18.0&#8243; _module_preset=&#8221;default&#8221; global_colors_info=&#8221;{}&#8221; theme_builder_area=&#8221;post_content&#8221;][et_pb_image src=&#8221;https:\/\/eucotton.eu\/wp-content\/uploads\/2025\/01\/workshops-event.jpg&#8221; title_text=&#8221;workshops event&#8221; _builder_version=&#8221;4.27.2&#8243; _module_preset=&#8221;default&#8221; custom_margin=&#8221;||||false|false&#8221; custom_margin_tablet=&#8221;||||false|false&#8221; custom_margin_phone=&#8221;||-24px||false|false&#8221; custom_margin_last_edited=&#8221;on|phone&#8221; global_colors_info=&#8221;{}&#8221; theme_builder_area=&#8221;post_content&#8221;][\/et_pb_image][\/et_pb_column][et_pb_column type=&#8221;1_2&#8243; _builder_version=&#8221;4.18.0&#8243; _module_preset=&#8221;default&#8221; global_colors_info=&#8221;{}&#8221; theme_builder_area=&#8221;post_content&#8221;][et_pb_text _builder_version=&#8221;4.27.2&#8243; text_text_color=&#8221;rgba(0,0,0,0.44)&#8221; text_font_size=&#8221;16px&#8221; text_line_height=&#8221;1.8em&#8221; header_2_text_color=&#8221;#0c005e&#8221; header_2_font_size=&#8221;45px&#8221; header_5_font=&#8221;Rubik||||||||&#8221; header_5_font_size=&#8221;18px&#8221; header_5_line_height=&#8221;1.8em&#8221; custom_margin=&#8221;20px||||false|false&#8221; custom_margin_tablet=&#8221;30px||||false|false&#8221; custom_margin_phone=&#8221;30px||||false|false&#8221; custom_margin_last_edited=&#8221;on|phone&#8221; locked=&#8221;off&#8221; global_colors_info=&#8221;{}&#8221; theme_builder_area=&#8221;post_content&#8221;]<\/p>\n<h2>Workshops for students<\/h2>\n<h2>May to December 2024<\/h2>\n<p>During the span of its third year, EUCOTTON organized 10 workshops for students in cooperation with 10 fashion &amp; textile schools in Greece, Spain, France, Germany and Italy. With the support of external cotton and fashion experts, the students were familiarized with the European cotton production &amp; heritage, with main focus on its sustainability and quality aspects. In Italy, the workshops resulted in a capsule collection by the students of Fashion Design Area of NABA-Nuova Accademia di Belle Arti in the framework of an EUCOTTON X NABA collaboration for the promotion of sustainability in fashion. The outfits were presented in a ceremony in Milan on December 5th, and also travelled to Paris for exhibition at the EUCOTTON French event in the next weeks of December.<\/p>\n<p>[\/et_pb_text][\/et_pb_column][\/et_pb_row][et_pb_row column_structure=&#8221;1_2,1_2&#8243; _builder_version=&#8221;4.27.0&#8243; _module_preset=&#8221;default&#8221; custom_margin=&#8221;-24px||||false|false&#8221; global_colors_info=&#8221;{}&#8221; theme_builder_area=&#8221;post_content&#8221;][et_pb_column type=&#8221;1_2&#8243; _builder_version=&#8221;4.18.0&#8243; _module_preset=&#8221;default&#8221; global_colors_info=&#8221;{}&#8221; theme_builder_area=&#8221;post_content&#8221;][et_pb_image src=&#8221;https:\/\/eucotton.eu\/wp-content\/uploads\/2025\/01\/Paris-event.jpg&#8221; title_text=&#8221;Eu Cotton<br \/>\nEspace Cl\u00e9ry<br \/>\n10\/12\/2024&#8243; _builder_version=&#8221;4.27.2&#8243; _module_preset=&#8221;default&#8221; custom_margin=&#8221;||||false|false&#8221; custom_margin_tablet=&#8221;||||false|false&#8221; custom_margin_phone=&#8221;||-24px||false|false&#8221; custom_margin_last_edited=&#8221;on|phone&#8221; global_colors_info=&#8221;{}&#8221; theme_builder_area=&#8221;post_content&#8221;][\/et_pb_image][\/et_pb_column][et_pb_column type=&#8221;1_2&#8243; _builder_version=&#8221;4.18.0&#8243; _module_preset=&#8221;default&#8221; global_colors_info=&#8221;{}&#8221; theme_builder_area=&#8221;post_content&#8221;][et_pb_text _builder_version=&#8221;4.27.2&#8243; text_text_color=&#8221;rgba(0,0,0,0.44)&#8221; text_font_size=&#8221;16px&#8221; text_line_height=&#8221;1.8em&#8221; header_2_text_color=&#8221;#0c005e&#8221; header_2_font_size=&#8221;45px&#8221; header_5_font=&#8221;Rubik||||||||&#8221; header_5_font_size=&#8221;18px&#8221; header_5_line_height=&#8221;1.8em&#8221; custom_margin=&#8221;-21px||||false|false&#8221; custom_margin_tablet=&#8221;30px||||false|false&#8221; custom_margin_phone=&#8221;30px||||false|false&#8221; custom_margin_last_edited=&#8221;on|phone&#8221; locked=&#8221;off&#8221; global_colors_info=&#8221;{}&#8221; theme_builder_area=&#8221;post_content&#8221;]<\/p>\n<h2>Event for French fashion and textile industry<\/h2>\n<h2>December 2024<\/h2>\n<p>EUCOTTON turns heads in Paris! On December 10th, more than 100 high profile professionals gathered at Espace Clery in order to participate to EUCOTTON\u2019s event in the European capital of fashion. The event included a presentation by Antonis Siarkos, the president of ECA and a round-table discussion with ECA members Antonios Siarkos (Chairman of ECA and President of SIARKOS SA), Dimitris Polychronos (CEO of Nafpaktos Yarns SA), Vassilis Markou (Ginner, member of the Hellenic Inter-professional Cotton Association), Josep Artigas (Cotton agent and President of Centro Algodonero Nacional) and also experts Ilian Moundib, author and climate strategy engineer, Elizabeth Perret S\u00e9n\u00e9caille CSR director at IKKS, Bruno Nahan, President of the F\u00e9d\u00e9ration de la Maille et de la Lingerie et du Baln\u00e9aire and textile manufacturer as CEO of Bugis and Fran\u00e7ois Souchet, consultant in sustainability strategies. The event was moderated by Victoire Satto, founder of The Good Goods.<\/p>\n<p>[\/et_pb_text][\/et_pb_column][\/et_pb_row][et_pb_row column_structure=&#8221;1_2,1_2&#8243; _builder_version=&#8221;4.27.0&#8243; _module_preset=&#8221;default&#8221; custom_margin=&#8221;-24px||||false|false&#8221; global_colors_info=&#8221;{}&#8221; theme_builder_area=&#8221;post_content&#8221;][et_pb_column type=&#8221;1_2&#8243; _builder_version=&#8221;4.18.0&#8243; _module_preset=&#8221;default&#8221; global_colors_info=&#8221;{}&#8221; theme_builder_area=&#8221;post_content&#8221;][et_pb_image src=&#8221;https:\/\/eucotton.eu\/wp-content\/uploads\/2025\/01\/Genova-event.jpg&#8221; title_text=&#8221;Genova event&#8221; _builder_version=&#8221;4.27.2&#8243; _module_preset=&#8221;default&#8221; custom_margin=&#8221;||||false|false&#8221; custom_margin_tablet=&#8221;||||false|false&#8221; custom_margin_phone=&#8221;||-24px||false|false&#8221; custom_margin_last_edited=&#8221;on|phone&#8221; global_colors_info=&#8221;{}&#8221; theme_builder_area=&#8221;post_content&#8221;][\/et_pb_image][\/et_pb_column][et_pb_column type=&#8221;1_2&#8243; _builder_version=&#8221;4.18.0&#8243; _module_preset=&#8221;default&#8221; global_colors_info=&#8221;{}&#8221; theme_builder_area=&#8221;post_content&#8221;][et_pb_text _builder_version=&#8221;4.27.2&#8243; text_text_color=&#8221;rgba(0,0,0,0.44)&#8221; text_font_size=&#8221;16px&#8221; text_line_height=&#8221;1.8em&#8221; header_2_text_color=&#8221;#0c005e&#8221; header_2_font_size=&#8221;45px&#8221; header_5_font=&#8221;Rubik||||||||&#8221; header_5_font_size=&#8221;18px&#8221; header_5_line_height=&#8221;1.8em&#8221; custom_margin=&#8221;30px||||false|false&#8221; custom_margin_tablet=&#8221;30px||||false|false&#8221; custom_margin_phone=&#8221;30px||||false|false&#8221; custom_margin_last_edited=&#8221;on|phone&#8221; locked=&#8221;off&#8221; global_colors_info=&#8221;{}&#8221; theme_builder_area=&#8221;post_content&#8221;]<\/p>\n<h2>Participation at Genova Jeans Week<\/h2>\n<h2>October 2024<\/h2>\n<p>EUCOTTON participated at the 2024 Genova Jeans Week, a week-long tribute to the celebrated jeans garment which took place in its birthplace. From 4-6 October EUCOTTON welcomed guests to its designated booth at the beautiful show and side activities organized by the City of Genoa.<\/p>\n<p>[\/et_pb_text][\/et_pb_column][\/et_pb_row][et_pb_row column_structure=&#8221;1_2,1_2&#8243; _builder_version=&#8221;4.27.0&#8243; _module_preset=&#8221;default&#8221; custom_margin=&#8221;-24px||||false|false&#8221; global_colors_info=&#8221;{}&#8221; theme_builder_area=&#8221;post_content&#8221;][et_pb_column type=&#8221;1_2&#8243; _builder_version=&#8221;4.18.0&#8243; _module_preset=&#8221;default&#8221; global_colors_info=&#8221;{}&#8221; theme_builder_area=&#8221;post_content&#8221;][et_pb_image src=&#8221;https:\/\/eucotton.eu\/wp-content\/uploads\/2025\/01\/Andalusia-event.jpg&#8221; title_text=&#8221;Andalusia event&#8221; _builder_version=&#8221;4.27.2&#8243; _module_preset=&#8221;default&#8221; custom_margin=&#8221;||||false|false&#8221; custom_margin_tablet=&#8221;||||false|false&#8221; custom_margin_phone=&#8221;||-24px||false|false&#8221; custom_margin_last_edited=&#8221;on|phone&#8221; global_colors_info=&#8221;{}&#8221; theme_builder_area=&#8221;post_content&#8221;][\/et_pb_image][\/et_pb_column][et_pb_column type=&#8221;1_2&#8243; _builder_version=&#8221;4.18.0&#8243; _module_preset=&#8221;default&#8221; global_colors_info=&#8221;{}&#8221; theme_builder_area=&#8221;post_content&#8221;][et_pb_text _builder_version=&#8221;4.27.2&#8243; text_text_color=&#8221;rgba(0,0,0,0.44)&#8221; text_font_size=&#8221;16px&#8221; text_line_height=&#8221;1.8em&#8221; header_2_text_color=&#8221;#0c005e&#8221; header_2_font_size=&#8221;45px&#8221; header_5_font=&#8221;Rubik||||||||&#8221; header_5_font_size=&#8221;18px&#8221; header_5_line_height=&#8221;1.8em&#8221; custom_margin=&#8221;30px||||false|false&#8221; custom_margin_tablet=&#8221;30px||||false|false&#8221; custom_margin_phone=&#8221;30px||||false|false&#8221; custom_margin_last_edited=&#8221;on|phone&#8221; locked=&#8221;off&#8221; global_colors_info=&#8221;{}&#8221; theme_builder_area=&#8221;post_content&#8221;]<\/p>\n<h2>Fam trip in Andalusia<\/h2>\n<h2>September 2024<\/h2>\n<p>At the end of September, a team of 20 cotton, fashion and textile professionals from Germany, Italy, France, Greece and Spain have been able to discover on the ground the sustainability and quality that distinguish European cotton through a visit to Andalusia. Specifically, the representatives of the European textile and fashion industry visited the fields and facilities of two benchmarks in the Andalusian cotton sector: Algosur (Algodonera del Sur), in the province of Seville, and the Las Lomas Agricultural Complex (Cadiz), which has the oldest active ginning mill in Spain. These two farms carry out many of the best practices that make European cotton special, such as 100% mechanised harvesting, the use of non-GMO seeds, highly professionalised employees and the implementation of water management and Integrated Pest Management plans. <\/p>\n<p>[\/et_pb_text][\/et_pb_column][\/et_pb_row][et_pb_row column_structure=&#8221;1_2,1_2&#8243; _builder_version=&#8221;4.27.0&#8243; _module_preset=&#8221;default&#8221; custom_margin=&#8221;-24px||||false|false&#8221; global_colors_info=&#8221;{}&#8221; theme_builder_area=&#8221;post_content&#8221;][et_pb_column type=&#8221;1_2&#8243; _builder_version=&#8221;4.18.0&#8243; _module_preset=&#8221;default&#8221; global_colors_info=&#8221;{}&#8221; theme_builder_area=&#8221;post_content&#8221;][et_pb_image src=&#8221;https:\/\/eucotton.eu\/wp-content\/uploads\/2025\/01\/event-Munich-event.jpg&#8221; title_text=&#8221;event Munich event&#8221; _builder_version=&#8221;4.27.2&#8243; _module_preset=&#8221;default&#8221; custom_margin=&#8221;||||false|false&#8221; custom_margin_tablet=&#8221;||||false|false&#8221; custom_margin_phone=&#8221;||-24px||false|false&#8221; custom_margin_last_edited=&#8221;on|phone&#8221; global_colors_info=&#8221;{}&#8221; theme_builder_area=&#8221;post_content&#8221;][\/et_pb_image][\/et_pb_column][et_pb_column type=&#8221;1_2&#8243; _builder_version=&#8221;4.18.0&#8243; _module_preset=&#8221;default&#8221; global_colors_info=&#8221;{}&#8221; theme_builder_area=&#8221;post_content&#8221;][et_pb_text _builder_version=&#8221;4.27.2&#8243; text_text_color=&#8221;rgba(0,0,0,0.44)&#8221; text_font_size=&#8221;16px&#8221; text_line_height=&#8221;1.8em&#8221; header_2_text_color=&#8221;#0c005e&#8221; header_2_font_size=&#8221;45px&#8221; header_5_font=&#8221;Rubik||||||||&#8221; header_5_font_size=&#8221;18px&#8221; header_5_line_height=&#8221;1.8em&#8221; custom_margin=&#8221;30px||||false|false&#8221; custom_margin_tablet=&#8221;30px||||false|false&#8221; custom_margin_phone=&#8221;30px||||false|false&#8221; custom_margin_last_edited=&#8221;on|phone&#8221; locked=&#8221;off&#8221; global_colors_info=&#8221;{}&#8221; theme_builder_area=&#8221;post_content&#8221;]<\/p>\n<h2>Event for German professionals<\/h2>\n<h2>September 2024<\/h2>\n<p>On the first day of Munich Fabric Start, EUCOTTON hosted a panel discussion on the sustainability and traceability of European cotton in the framework of the new EU legislation on Green Deal , with a roast of panelists including representatives of ECA mr Antonis Siarkos, Dimitris Polyhronos and Vasileios Markou, alongside esteemed professionals such as mr Jens Wirth, Managing Director of Bremen Cotton Exchange, ms Michela Puddu, manager at Gherzi Textil Organisation, ms Anne Oudard, cotton specialist of Cotton Diaries and ms Laura Pianazza, fashion specialist. The panel concentrated on the key challenges and trends of the European fashion industry for the production of sustainable and traceable fashion apparel, bringing to light EUCOTTON\u2019s innovative approach to creating European, sustainable, high-quality fashion apparel that are 100% traceable from farm to store.<\/p>\n<p>[\/et_pb_text][\/et_pb_column][\/et_pb_row][et_pb_row column_structure=&#8221;1_2,1_2&#8243; _builder_version=&#8221;4.27.0&#8243; _module_preset=&#8221;default&#8221; custom_margin=&#8221;-24px||||false|false&#8221; global_colors_info=&#8221;{}&#8221; theme_builder_area=&#8221;post_content&#8221;][et_pb_column type=&#8221;1_2&#8243; _builder_version=&#8221;4.18.0&#8243; _module_preset=&#8221;default&#8221; global_colors_info=&#8221;{}&#8221; theme_builder_area=&#8221;post_content&#8221;][et_pb_image src=&#8221;https:\/\/eucotton.eu\/wp-content\/uploads\/2025\/01\/Munich-Fabric-Start-event.jpg&#8221; title_text=&#8221;Munich Fabric Start event&#8221; _builder_version=&#8221;4.27.2&#8243; _module_preset=&#8221;default&#8221; custom_margin=&#8221;||||false|false&#8221; custom_margin_tablet=&#8221;||||false|false&#8221; custom_margin_phone=&#8221;||-24px||false|false&#8221; custom_margin_last_edited=&#8221;on|phone&#8221; global_colors_info=&#8221;{}&#8221; theme_builder_area=&#8221;post_content&#8221;][\/et_pb_image][\/et_pb_column][et_pb_column type=&#8221;1_2&#8243; _builder_version=&#8221;4.18.0&#8243; _module_preset=&#8221;default&#8221; global_colors_info=&#8221;{}&#8221; theme_builder_area=&#8221;post_content&#8221;][et_pb_text _builder_version=&#8221;4.27.2&#8243; text_text_color=&#8221;rgba(0,0,0,0.44)&#8221; text_font_size=&#8221;16px&#8221; text_line_height=&#8221;1.8em&#8221; header_2_text_color=&#8221;#0c005e&#8221; header_2_font_size=&#8221;45px&#8221; header_5_font=&#8221;Rubik||||||||&#8221; header_5_font_size=&#8221;18px&#8221; header_5_line_height=&#8221;1.8em&#8221; custom_margin=&#8221;30px||||false|false&#8221; custom_margin_tablet=&#8221;30px||||false|false&#8221; custom_margin_phone=&#8221;30px||||false|false&#8221; custom_margin_last_edited=&#8221;on|phone&#8221; locked=&#8221;off&#8221; global_colors_info=&#8221;{}&#8221; theme_builder_area=&#8221;post_content&#8221;]<\/p>\n<h2>Participation at Munich Fabric Start 2024<\/h2>\n<h2>Munich, 3-4\/09\/2024<\/h2>\n<p>A successful participation of EUCOTTON at Munich Fabric Start (September edition) took place on 3-4 September 2024. The campaign participated with a specially constructed booth where visitors could receive materials and visualize the life cycle of cotton throughout the supply chain. In addition, EUCOTTON was the proud sponsor of The Buyers\u2019 Club in the show, in a specially dedicated exhibitors\u2019 area welcoming 400 guests during the show duration.<\/p>\n<p>[\/et_pb_text][\/et_pb_column][\/et_pb_row][et_pb_row column_structure=&#8221;1_2,1_2&#8243; _builder_version=&#8221;4.27.0&#8243; _module_preset=&#8221;default&#8221; custom_margin=&#8221;-24px||||false|false&#8221; global_colors_info=&#8221;{}&#8221;][et_pb_column type=&#8221;1_2&#8243; _builder_version=&#8221;4.18.0&#8243; _module_preset=&#8221;default&#8221; global_colors_info=&#8221;{}&#8221;][et_pb_image src=&#8221;https:\/\/eucotton.eu\/wp-content\/uploads\/2024\/09\/milan.jpg&#8221; title_text=&#8221;milan&#8221; _builder_version=&#8221;4.27.0&#8243; _module_preset=&#8221;default&#8221; custom_margin=&#8221;148px||||false|false&#8221; custom_margin_tablet=&#8221;148px||||false|false&#8221; custom_margin_phone=&#8221;||-24px||false|false&#8221; custom_margin_last_edited=&#8221;on|phone&#8221; global_colors_info=&#8221;{}&#8221;][\/et_pb_image][\/et_pb_column][et_pb_column type=&#8221;1_2&#8243; _builder_version=&#8221;4.18.0&#8243; _module_preset=&#8221;default&#8221; global_colors_info=&#8221;{}&#8221;][et_pb_text _builder_version=&#8221;4.27.2&#8243; text_text_color=&#8221;rgba(0,0,0,0.44)&#8221; text_font_size=&#8221;16px&#8221; text_line_height=&#8221;1.8em&#8221; header_2_text_color=&#8221;#0c005e&#8221; header_2_font_size=&#8221;45px&#8221; header_5_font=&#8221;Rubik||||||||&#8221; header_5_font_size=&#8221;18px&#8221; header_5_line_height=&#8221;1.8em&#8221; custom_margin=&#8221;30px||||false|false&#8221; custom_margin_tablet=&#8221;30px||||false|false&#8221; custom_margin_phone=&#8221;30px||||false|false&#8221; custom_margin_last_edited=&#8221;on|phone&#8221; locked=&#8221;off&#8221; global_colors_info=&#8221;{}&#8221;]<\/p>\n<h2>Evento per la moda e i marchi tessili italiani<\/h2>\n<h2>Milano, 10\/07\/2024<\/h2>\n<p>Il cotone europeo \u00e8 stato protagonista a Milano il 10\/07\/2024, giorno in cui oltre 80 professionisti di marchi prestigiosi della moda e dell&#8217;industria tessile si sono riuniti per la presentazione dell&#8217;iniziativa EUCOTTON. L&#8217;evento ha incluso le presentazioni dei rappresentanti del consiglio dell&#8217;ECA Antonios Siarkos e Dimitris Polychronos sulle propriet\u00e0 di qualit\u00e0 e sostenibilit\u00e0 del cotone europeo, nonch\u00e9 sulla sua tracciabilit\u00e0, dall&#8217;azienda agricola all&#8217;indumento finale. Alle presentazioni \u00e8 seguita una tavola rotonda moderata da Maria Cristina Pavarini, caporedattrice di THE SPIN-OFF, che ha esplorato le possibilit\u00e0 e le sinergie per l&#8217;industria cotoniera europea e l&#8217;industria tessile e della moda italiana per una produzione di capi pi\u00f9 sostenibile e consapevole.<\/p>\n<p>[\/et_pb_text][\/et_pb_column][\/et_pb_row][et_pb_row _builder_version=&#8221;4.27.0&#8243; _module_preset=&#8221;default&#8221; global_colors_info=&#8221;{}&#8221;][et_pb_column type=&#8221;4_4&#8243; _builder_version=&#8221;4.27.0&#8243; _module_preset=&#8221;default&#8221; global_colors_info=&#8221;{}&#8221;][et_pb_text _builder_version=&#8221;4.27.2&#8243; _module_preset=&#8221;default&#8221; text_text_color=&#8221;rgba(0,0,0,0.44)&#8221; text_font_size=&#8221;16px&#8221; text_line_height=&#8221;1.8em&#8221; custom_margin=&#8221;-35px||||false|false&#8221; global_colors_info=&#8221;{}&#8221;]<\/p>\n<p>La tavola rotonda era composta da Dimitris Polychronos e Vassilis Markou, AD di Violar SA, Simon Giuliani, responsabile della sostenibilit\u00e0 di Candiani Denim, Flavio Berto, AD di Berto Industria Tessile, Tommaso Cumerlato, Direttore commerciale di MIC Spa e Lucinda Spera, Direttrice marketing di John Richmond. Durante l&#8217;aperitivo che \u00e8 seguito, l&#8217;artista Emina ha dimostrato la tecnica tradizionale di tintura del batik, creando per gli ospiti scialli dipinti a mano con cotone di prima qualit\u00e0.<\/p>\n<p>[\/et_pb_text][\/et_pb_column][\/et_pb_row][et_pb_row column_structure=&#8221;1_2,1_2&#8243; _builder_version=&#8221;4.27.0&#8243; _module_preset=&#8221;default&#8221; custom_margin=&#8221;-24px||||false|false&#8221; global_colors_info=&#8221;{}&#8221;][et_pb_column type=&#8221;1_2&#8243; _builder_version=&#8221;4.18.0&#8243; _module_preset=&#8221;default&#8221; global_colors_info=&#8221;{}&#8221;][et_pb_image src=&#8221;https:\/\/eucotton.eu\/wp-content\/uploads\/2024\/09\/Thessaloniki.jpg&#8221; title_text=&#8221;Thessaloniki&#8221; _builder_version=&#8221;4.27.0&#8243; _module_preset=&#8221;default&#8221; custom_margin=&#8221;109px||||false|false&#8221; custom_margin_tablet=&#8221;109px||||false|false&#8221; custom_margin_phone=&#8221;||-24px||false|false&#8221; custom_margin_last_edited=&#8221;on|phone&#8221; global_colors_info=&#8221;{}&#8221;][\/et_pb_image][\/et_pb_column][et_pb_column type=&#8221;1_2&#8243; _builder_version=&#8221;4.18.0&#8243; _module_preset=&#8221;default&#8221; global_colors_info=&#8221;{}&#8221;][et_pb_text _builder_version=&#8221;4.27.2&#8243; text_text_color=&#8221;rgba(0,0,0,0.44)&#8221; text_font_size=&#8221;16px&#8221; text_line_height=&#8221;1.8em&#8221; header_2_text_color=&#8221;#0c005e&#8221; header_2_font_size=&#8221;45px&#8221; header_5_font=&#8221;Rubik||||||||&#8221; header_5_font_size=&#8221;18px&#8221; header_5_line_height=&#8221;1.8em&#8221; custom_margin=&#8221;30px||||false|false&#8221; custom_margin_tablet=&#8221;30px||||false|false&#8221; custom_margin_phone=&#8221;30px||||false|false&#8221; custom_margin_last_edited=&#8221;on|phone&#8221; locked=&#8221;off&#8221; global_colors_info=&#8221;{}&#8221;]<\/p>\n<h2>Evento per la moda e i marchi tessili greci<\/h2>\n<h2>Salonicco, 27\/06\/2024<\/h2>\n<p>L&#8217;industria tessile e della moda greca si \u00e8 riunita a Salonicco per il primo evento che mette in contatto il settore della produzione di cotone con il mondo della moda. Oltre 80 partecipanti da 65 imprese e organizzazioni hanno partecipato all&#8217;evento, scoprendo come costruire un futuro sostenibile con il cotone europeo! L&#8217;evento ha incluso una tavola rotonda moderata con Antonios Siarkos e Dimitris Polychronos della European Cotton Alliance, Giorgos Eleftheriadis, stilista e vicepresidente dell&#8217;Associazione ellenica degli stilisti, Theofilos Aslanidis, direttore dell&#8217;Associazione delle imprese greche di maglieria e capi confezionati (SEPEE) e Panos Sofianos, rappresentante della fiera Munich Fabric Start.<\/p>\n<p>[\/et_pb_text][\/et_pb_column][\/et_pb_row][et_pb_row column_structure=&#8221;1_2,1_2&#8243; _builder_version=&#8221;4.27.0&#8243; _module_preset=&#8221;default&#8221; custom_margin=&#8221;-24px||||false|false&#8221; global_colors_info=&#8221;{}&#8221;][et_pb_column type=&#8221;1_2&#8243; _builder_version=&#8221;4.18.0&#8243; _module_preset=&#8221;default&#8221; global_colors_info=&#8221;{}&#8221;][et_pb_image src=&#8221;https:\/\/eucotton.eu\/wp-content\/uploads\/2024\/09\/roma.jpg&#8221; title_text=&#8221;roma&#8221; _builder_version=&#8221;4.27.0&#8243; _module_preset=&#8221;default&#8221; custom_margin=&#8221;32px||||false|false&#8221; custom_margin_tablet=&#8221;32px||||false|false&#8221; custom_margin_phone=&#8221;||-24px||false|false&#8221; custom_margin_last_edited=&#8221;on|phone&#8221; global_colors_info=&#8221;{}&#8221;][\/et_pb_image][\/et_pb_column][et_pb_column type=&#8221;1_2&#8243; _builder_version=&#8221;4.18.0&#8243; _module_preset=&#8221;default&#8221; global_colors_info=&#8221;{}&#8221;][et_pb_text _builder_version=&#8221;4.27.2&#8243; text_text_color=&#8221;rgba(0,0,0,0.44)&#8221; text_font_size=&#8221;16px&#8221; text_line_height=&#8221;1.8em&#8221; header_2_text_color=&#8221;#0c005e&#8221; header_2_font_size=&#8221;45px&#8221; header_5_font=&#8221;Rubik||||||||&#8221; header_5_font_size=&#8221;18px&#8221; header_5_line_height=&#8221;1.8em&#8221; custom_margin=&#8221;30px||||false|false&#8221; custom_margin_tablet=&#8221;30px||||false|false&#8221; custom_margin_phone=&#8221;30px||||false|false&#8221; custom_margin_last_edited=&#8221;on|phone&#8221; locked=&#8221;off&#8221; global_colors_info=&#8221;{}&#8221;]<\/p>\n<h2>Phygital Sustainability Expo<\/h2>\n<h2>Roma, 4-5\/06\/2024<\/h2>\n<p>Le propriet\u00e0 sostenibili e di qualit\u00e0 del cotone europeo sono state recentemente presentate a Roma, durante il Phygital Sustainability Expo, l&#8217;evento di sostenibilit\u00e0 pi\u00f9 grande in Italia, che attira ogni anno pi\u00f9 di 10.000 visitatori e raggiunge un pubblico di oltre 70 milioni di persone. L&#8217;evento di due giorni, organizzato dalla Sustainable Fashion Innovation Society il 4 e 5 giugno presso l\u2019imponente Museo dei Fori Imperiali, ha il sostegno della Delegazione dell&#8217;Unione europea a Roma, del Parlamento europeo, del Governo italiano, dell&#8217;UNESCO, della FAO e di molte altre organizzazioni nazionali e internazionali.<\/p>\n<p>[\/et_pb_text][\/et_pb_column][\/et_pb_row][et_pb_row _builder_version=&#8221;4.27.0&#8243; _module_preset=&#8221;default&#8221; global_colors_info=&#8221;{}&#8221;][et_pb_column type=&#8221;4_4&#8243; _builder_version=&#8221;4.27.0&#8243; _module_preset=&#8221;default&#8221; global_colors_info=&#8221;{}&#8221;][et_pb_text _builder_version=&#8221;4.27.2&#8243; _module_preset=&#8221;default&#8221; text_text_color=&#8221;rgba(0,0,0,0.44)&#8221; text_font_size=&#8221;16px&#8221; text_line_height=&#8221;1.8em&#8221; custom_margin=&#8221;-35px||||false|false&#8221; global_colors_info=&#8221;{}&#8221;]<\/p>\n<p>EUCOTTON \u00e8 stata rappresentata dal presidente della European Cotton Alliance, Antonios Siarkos, che ha presentato l&#8217;iniziativa nella prima Tavola rotonda internazionale sul cotone: dal raccolto al punto vendita, insieme ad altri relatori provenienti da Europa, Africa e Stati Uniti. La tavola rotonda, trasmessa dalla Rai, ha toccato argomenti come le propriet\u00e0 sostenibili del cotone, l&#8217;ambiente del commercio globale per la fibra e le opportunit\u00e0 per le filiere produttive locali.<br \/>Durante i 2 giorni del Phygital Sustainability Expo, nel Museo dei Fori Imperiali \u00e8 stato allestito uno stand di EUCOTTON, in cui sono stati presentati abiti ispirati alla mitologia greca, preparati con cotone europeo da studenti e professori dell&#8217;Universit\u00e0 ellenica internazionale Dipartimento di Design Creativo e Abbigliamento.<\/p>\n<p>[\/et_pb_text][\/et_pb_column][\/et_pb_row][et_pb_row column_structure=&#8221;1_2,1_2&#8243; _builder_version=&#8221;4.27.0&#8243; _module_preset=&#8221;default&#8221; custom_margin=&#8221;-24px||||false|false&#8221; global_colors_info=&#8221;{}&#8221;][et_pb_column type=&#8221;1_2&#8243; _builder_version=&#8221;4.18.0&#8243; _module_preset=&#8221;default&#8221; global_colors_info=&#8221;{}&#8221;][et_pb_image src=&#8221;https:\/\/eucotton.eu\/wp-content\/uploads\/2024\/09\/kilkis.jpg&#8221; title_text=&#8221;kilkis&#8221; _builder_version=&#8221;4.27.0&#8243; _module_preset=&#8221;default&#8221; custom_margin=&#8221;32px||||false|false&#8221; custom_margin_tablet=&#8221;32px||||false|false&#8221; custom_margin_phone=&#8221;||-24px||false|false&#8221; custom_margin_last_edited=&#8221;on|phone&#8221; global_colors_info=&#8221;{}&#8221;][\/et_pb_image][\/et_pb_column][et_pb_column type=&#8221;1_2&#8243; _builder_version=&#8221;4.18.0&#8243; _module_preset=&#8221;default&#8221; global_colors_info=&#8221;{}&#8221;][et_pb_text _builder_version=&#8221;4.27.2&#8243; text_text_color=&#8221;rgba(0,0,0,0.44)&#8221; text_font_size=&#8221;16px&#8221; text_line_height=&#8221;1.8em&#8221; header_2_text_color=&#8221;#0c005e&#8221; header_2_font_size=&#8221;45px&#8221; header_5_font=&#8221;Rubik||||||||&#8221; header_5_font_size=&#8221;18px&#8221; header_5_line_height=&#8221;1.8em&#8221; custom_margin=&#8221;30px||||false|false&#8221; custom_margin_tablet=&#8221;30px||||false|false&#8221; custom_margin_phone=&#8221;30px||||false|false&#8221; custom_margin_last_edited=&#8221;on|phone&#8221; locked=&#8221;off&#8221; global_colors_info=&#8221;{}&#8221;]<\/p>\n<h2>Workshop per studenti di moda<\/h2>\n<h2>Kilkis, 29\/05\/2024<\/h2>\n<p>EUCOTTON ha unito le forze con l&#8217;Universit\u00e0 ellenica internazionale Dipartimento di Design Creativo e Moda per la creazione di un workshop dedicato per gli studenti sulla sostenibilit\u00e0 e la qualit\u00e0 della produzione del cotone europeo. Oltre 75 studenti hanno partecipato al workshop, con presentazioni e discussioni con Antonios Siarkos, presidente dell\u2019ECA, Panos Sofianos, rappresentante della fiera Munich Fabric Start e Kyriakos Kitoudis, coltivatore di cotone. Gli studenti hanno anche avuto l&#8217;opportunit\u00e0 di approfondire la storia e le tradizioni della coltivazione del cotone in Grecia e discutere con gli agricoltori sulle realt\u00e0 della coltivazione del cotone.<\/p>\n<p>[\/et_pb_text][\/et_pb_column][\/et_pb_row][et_pb_row column_structure=&#8221;1_2,1_2&#8243; _builder_version=&#8221;4.18.0&#8243; _module_preset=&#8221;default&#8221; global_colors_info=&#8221;{}&#8221;][et_pb_column type=&#8221;1_2&#8243; _builder_version=&#8221;4.18.0&#8243; _module_preset=&#8221;default&#8221; global_colors_info=&#8221;{}&#8221;][et_pb_code _builder_version=&#8221;4.24.3&#8243; _module_preset=&#8221;default&#8221; global_colors_info=&#8221;{}&#8221;]<a class=\"vp-a vp-dr\" href=\"https:\/\/youtu.be\/UIMkPENyxPU\" rel=\"nofollow\" data-width=\"1280\" data-height=\"720\" data-dwrap=\"1\" data-iv=\"1\"><img decoding=\"async\" class=\"vp-img\" src=\"https:\/\/eucotton.eu\/wp-content\/uploads\/2024\/04\/play-info-day-play.jpg\"><\/a>[\/et_pb_code][\/et_pb_column][et_pb_column type=&#8221;1_2&#8243; _builder_version=&#8221;4.18.0&#8243; _module_preset=&#8221;default&#8221; global_colors_info=&#8221;{}&#8221;][et_pb_text _builder_version=&#8221;4.27.2&#8243; text_text_color=&#8221;rgba(0,0,0,0.44)&#8221; text_font_size=&#8221;16px&#8221; text_line_height=&#8221;1.8em&#8221; header_2_text_color=&#8221;#0c005e&#8221; header_2_font_size=&#8221;45px&#8221; header_5_font=&#8221;Rubik||||||||&#8221; header_5_font_size=&#8221;18px&#8221; header_5_line_height=&#8221;1.8em&#8221; custom_margin=&#8221;30px||||false|false&#8221; custom_margin_tablet=&#8221;30px||||false|false&#8221; custom_margin_phone=&#8221;30px||||false|false&#8221; custom_margin_last_edited=&#8221;on|phone&#8221; locked=&#8221;off&#8221; global_colors_info=&#8221;{}&#8221;]<\/p>\n<h2>Gruppo di lavoro a Siviglia<\/h2>\n<p>La giornata \u201cEUCOTTON Info Day: A Roadmap to More Sustainable Textiles\u201d \u00e8 stata celebrata il 30 marzo 2023, nel centro della citt\u00e0 spagnola di Siviglia, presso la sede della Fondazione Cajasol dove oltre 100 ospiti tra professionisti del settore tessile e media si sono riuniti per comprendere pi\u00f9 a fondo i vantaggi di EUCOTTON.<\/p>\n<p>[\/et_pb_text][\/et_pb_column][\/et_pb_row][et_pb_row column_structure=&#8221;1_2,1_2&#8243; _builder_version=&#8221;4.18.0&#8243; _module_preset=&#8221;default&#8221; global_colors_info=&#8221;{}&#8221;][et_pb_column type=&#8221;1_2&#8243; _builder_version=&#8221;4.18.0&#8243; _module_preset=&#8221;default&#8221; global_colors_info=&#8221;{}&#8221;][et_pb_image src=&#8221;https:\/\/eucotton.eu\/wp-content\/uploads\/2024\/07\/WG_Thessaloniki.jpg&#8221; title_text=&#8221;WG_Thessaloniki&#8221; _builder_version=&#8221;4.25.1&#8243; _module_preset=&#8221;default&#8221; global_colors_info=&#8221;{}&#8221;][\/et_pb_image][\/et_pb_column][et_pb_column type=&#8221;1_2&#8243; _builder_version=&#8221;4.18.0&#8243; _module_preset=&#8221;default&#8221; global_colors_info=&#8221;{}&#8221;][et_pb_text _builder_version=&#8221;4.27.2&#8243; text_text_color=&#8221;rgba(0,0,0,0.44)&#8221; text_font_size=&#8221;16px&#8221; text_line_height=&#8221;1.8em&#8221; header_2_text_color=&#8221;#0c005e&#8221; header_2_font_size=&#8221;45px&#8221; header_5_font=&#8221;Rubik||||||||&#8221; header_5_font_size=&#8221;18px&#8221; header_5_line_height=&#8221;1.8em&#8221; custom_margin=&#8221;30px||||false|false&#8221; custom_margin_tablet=&#8221;30px||||false|false&#8221; custom_margin_phone=&#8221;30px||||false|false&#8221; custom_margin_last_edited=&#8221;on|phone&#8221; locked=&#8221;off&#8221; global_colors_info=&#8221;{}&#8221;]<\/p>\n<h2>Gruppo di lavoro a Salonicco<\/h2>\n<p>La mattina del 24 novembre 2022, oltre 50 rappresentanti del settore europeo del cotone e delle industrie tessili hanno partecipato al gruppo di lavoro EUCOTTON, tenutosi presso il Museo della cultura bizantina di Salonicco, dove hanno avuto l&#8217;opportunit\u00e0 di essere ulteriormente informati sull&#8217;iniziativa EUCOTTON e di avviare una tavola rotonda durante la quale hanno discusso preziosi contributi e approfondimenti.<\/p>\n<p>[\/et_pb_text][\/et_pb_column][\/et_pb_row][et_pb_row column_structure=&#8221;1_2,1_2&#8243; _builder_version=&#8221;4.18.0&#8243; _module_preset=&#8221;default&#8221; global_colors_info=&#8221;{}&#8221;][et_pb_column type=&#8221;1_2&#8243; _builder_version=&#8221;4.18.0&#8243; _module_preset=&#8221;default&#8221; global_colors_info=&#8221;{}&#8221;][et_pb_image src=&#8221;https:\/\/eucotton.eu\/wp-content\/uploads\/2024\/04\/mediterranean-cotton-roads-2022.jpg&#8221; title_text=&#8221;mediterranean cotton roads 2022&#8243; _builder_version=&#8221;4.24.3&#8243; _module_preset=&#8221;default&#8221; custom_margin=&#8221;37px||||false|false&#8221; custom_margin_tablet=&#8221;37px||||false|false&#8221; custom_margin_phone=&#8221;37px||||false|false&#8221; custom_margin_last_edited=&#8221;on|desktop&#8221; global_colors_info=&#8221;{}&#8221;][\/et_pb_image][\/et_pb_column][et_pb_column type=&#8221;1_2&#8243; _builder_version=&#8221;4.18.0&#8243; _module_preset=&#8221;default&#8221; global_colors_info=&#8221;{}&#8221;][et_pb_text _builder_version=&#8221;4.27.2&#8243; text_text_color=&#8221;rgba(0,0,0,0.44)&#8221; text_font_size=&#8221;16px&#8221; text_line_height=&#8221;1.8em&#8221; header_2_text_color=&#8221;#0c005e&#8221; header_2_font_size=&#8221;45px&#8221; header_5_font=&#8221;Rubik||||||||&#8221; header_5_font_size=&#8221;18px&#8221; header_5_line_height=&#8221;1.8em&#8221; custom_margin=&#8221;30px||||false|false&#8221; custom_margin_tablet=&#8221;30px||||false|false&#8221; custom_margin_phone=&#8221;30px||||false|false&#8221; custom_margin_last_edited=&#8221;on|phone&#8221; locked=&#8221;off&#8221; global_colors_info=&#8221;{}&#8221;]<\/p>\n<h2>Mediterranean Cotton Roads<\/h2>\n<p>Il 24 novembre 2022, rappresentanti di vari livelli della catena europea del cotone hanno avuto l&#8217;opportunit\u00e0 di condividere la loro storia di successo con colleghi dei Paesi partecipanti alla 5\u00aa Mediterranean Cotton Roads, conferenza di primo livello che unisce le industrie del bacino del Mediterraneo tenutasi a Salonicco, in Grecia. L&#8217;evento celebrativo del settore \u00e8 stato co-sponsorizzato da EUCOTTON.<\/p>\n<p>[\/et_pb_text][\/et_pb_column][\/et_pb_row][et_pb_row column_structure=&#8221;1_2,1_2&#8243; _builder_version=&#8221;4.18.0&#8243; _module_preset=&#8221;default&#8221; global_colors_info=&#8221;{}&#8221;][et_pb_column type=&#8221;1_2&#8243; _builder_version=&#8221;4.18.0&#8243; _module_preset=&#8221;default&#8221; global_colors_info=&#8221;{}&#8221;][et_pb_image src=&#8221;https:\/\/eucotton.eu\/wp-content\/uploads\/2022\/09\/conference_bremen_cotton.jpg&#8221; title_text=&#8221;Great speakers know their audience&#8221; _builder_version=&#8221;4.25.1&#8243; _module_preset=&#8221;default&#8221; custom_margin=&#8221;37px||||false|false&#8221; custom_margin_tablet=&#8221;37px||||false|false&#8221; custom_margin_phone=&#8221;37px||||false|false&#8221; custom_margin_last_edited=&#8221;on|desktop&#8221; global_colors_info=&#8221;{}&#8221;][\/et_pb_image][\/et_pb_column][et_pb_column type=&#8221;1_2&#8243; _builder_version=&#8221;4.18.0&#8243; _module_preset=&#8221;default&#8221; global_colors_info=&#8221;{}&#8221;][et_pb_text _builder_version=&#8221;4.27.2&#8243; text_text_color=&#8221;rgba(0,0,0,0.44)&#8221; text_font_size=&#8221;16px&#8221; text_line_height=&#8221;1.8em&#8221; header_2_text_color=&#8221;#0c005e&#8221; header_2_font_size=&#8221;45px&#8221; header_5_font=&#8221;Rubik||||||||&#8221; header_5_font_size=&#8221;18px&#8221; header_5_line_height=&#8221;1.8em&#8221; custom_margin=&#8221;30px||||false|false&#8221; custom_margin_tablet=&#8221;30px||||false|false&#8221; custom_margin_phone=&#8221;30px||||false|false&#8221; custom_margin_last_edited=&#8221;on|phone&#8221; locked=&#8221;off&#8221; global_colors_info=&#8221;{}&#8221;]<\/p>\n<h2>Conferenza sul cotone di Brema<\/h2>\n<p>EUCOTTON \u00e8 stato <strong>sponsor di platino alla 36\u00aa Conferenza internazionale sul cotone di Brema<\/strong> (Brema, Germania, 29-30\/9\/2022). Nella sua edizione 2022, la Conferenza sul cotone di Brema ha messo in luce l&#8217;Unione europea come regione in primo piano e adottato la sostenibilit\u00e0 come tema chiave dei lavori.<\/p>\n<p>[\/et_pb_text][\/et_pb_column][\/et_pb_row][et_pb_row column_structure=&#8221;1_2,1_2&#8243; disabled_on=&#8221;on|on|on&#8221; _builder_version=&#8221;4.25.1&#8243; _module_preset=&#8221;default&#8221; disabled=&#8221;on&#8221; global_colors_info=&#8221;{}&#8221;][et_pb_column type=&#8221;1_2&#8243; _builder_version=&#8221;4.18.0&#8243; _module_preset=&#8221;default&#8221; global_colors_info=&#8221;{}&#8221;][et_pb_code _builder_version=&#8221;4.24.3&#8243; _module_preset=&#8221;default&#8221; global_colors_info=&#8221;{}&#8221;]<a class=\"vp-a vp-dr\" href=\"https:\/\/youtu.be\/Ke7SCi151Ss\" rel=\"nofollow\" data-width=\"1280\" data-height=\"720\" data-dwrap=\"1\" data-iv=\"1\"><img decoding=\"async\" class=\"vp-img\" src=\"https:\/\/eucotton.eu\/wp-content\/uploads\/2024\/04\/play-study-trip-web.jpg\"><\/a>[\/et_pb_code][\/et_pb_column][et_pb_column type=&#8221;1_2&#8243; _builder_version=&#8221;4.18.0&#8243; _module_preset=&#8221;default&#8221; global_colors_info=&#8221;{}&#8221;][et_pb_text _builder_version=&#8221;4.24.3&#8243; text_text_color=&#8221;rgba(0,0,0,0.44)&#8221; text_font_size=&#8221;16px&#8221; text_line_height=&#8221;1.8em&#8221; header_2_text_color=&#8221;#0c005e&#8221; header_2_font_size=&#8221;45px&#8221; header_5_font=&#8221;Rubik||||||||&#8221; header_5_font_size=&#8221;18px&#8221; header_5_line_height=&#8221;1.8em&#8221; custom_margin=&#8221;30px||||false|false&#8221; custom_margin_tablet=&#8221;30px||||false|false&#8221; custom_margin_phone=&#8221;30px||||false|false&#8221; custom_margin_last_edited=&#8221;on|phone&#8221; locked=&#8221;off&#8221; global_colors_info=&#8221;{}&#8221;]<\/p>\n<h2>EUCOTTON Study Trip 2023<\/h2>\n<p>From 26 to 29 September, EUCOTTON welcomed a group of brand and media representatives in Greece for a unique introduction to the world of European cotton! From LVMH to Diesel, and from Vogue Hellas to Seidensticker, these stakeholders enjoyed an intensive 2-day visit to cotton farms and ginning and spinning mills in Serres, Imathia and Farsala. A deep dive into the characteristics of this fiber: traceability, quality, sustainability and the strict regulations that make up its production method \u2013 from seed to textile!  <\/p>\n<p>[\/et_pb_text][\/et_pb_column][\/et_pb_row][\/et_pb_section]<\/p>\n","protected":false},"excerpt":{"rendered":"<p>Workshops for students May to December 2024 During the span of its third year, EUCOTTON organized 10 workshops for students in cooperation with 10 fashion &amp; textile schools in Greece, Spain, France, Germany and Italy. With the support of external cotton and fashion experts, the students were familiarized with the European cotton production &amp; heritage, [&hellip;]<\/p>\n","protected":false},"author":2,"featured_media":0,"parent":0,"menu_order":6,"comment_status":"closed","ping_status":"closed","template":"","meta":{"_et_pb_use_builder":"on","_et_pb_old_content":"","_et_gb_content_width":"","footnotes":""},"class_list":["post-3534","page","type-page","status-publish","hentry"],"_links":{"self":[{"href":"https:\/\/eucotton.eu\/it\/wp-json\/wp\/v2\/pages\/3534","targetHints":{"allow":["GET"]}}],"collection":[{"href":"https:\/\/eucotton.eu\/it\/wp-json\/wp\/v2\/pages"}],"about":[{"href":"https:\/\/eucotton.eu\/it\/wp-json\/wp\/v2\/types\/page"}],"author":[{"embeddable":true,"href":"https:\/\/eucotton.eu\/it\/wp-json\/wp\/v2\/users\/2"}],"replies":[{"embeddable":true,"href":"https:\/\/eucotton.eu\/it\/wp-json\/wp\/v2\/comments?post=3534"}],"version-history":[{"count":6,"href":"https:\/\/eucotton.eu\/it\/wp-json\/wp\/v2\/pages\/3534\/revisions"}],"predecessor-version":[{"id":4106,"href":"https:\/\/eucotton.eu\/it\/wp-json\/wp\/v2\/pages\/3534\/revisions\/4106"}],"wp:attachment":[{"href":"https:\/\/eucotton.eu\/it\/wp-json\/wp\/v2\/media?parent=3534"}],"curies":[{"name":"wp","href":"https:\/\/api.w.org\/{rel}","templated":true}]}}